{"id":6867,"date":"2020-08-31T17:28:33","date_gmt":"2020-08-31T15:28:33","guid":{"rendered":"http:\/\/demo.wabilab.com\/prof_new\/prodotto\/%categoria%\/grace-n-1\/"},"modified":"2022-09-14T14:23:54","modified_gmt":"2022-09-14T12:23:54","slug":"grace-n-1","status":"publish","type":"prodotto","link":"https:\/\/www.profoffice.it\/fr\/produit\/lampes\/grace-n-1\/","title":{"rendered":"Grace"},"featured_media":6869,"template":"","meta":{"_acf_changed":false},"categoria":[198],"class_list":["post-6867","prodotto","type-prodotto","status-publish","has-post-thumbnail","hentry","categoria-lampes"],"acf":[],"yoast_head":"<!-- This site is optimized with the Yoast SEO plugin v26.8 - https:\/\/yoast.com\/product\/yoast-seo-wordpress\/ -->\n<title>Grace - \u00c0 l\u2019enseigne de l\u2019\u00e9l\u00e9gance intemporelle, GRACE est une collection de lampes aux lignes \u00e9pur\u00e9es et rigoureuses - Prof Office<\/title>\n<meta name=\"description\" content=\"Un ensemble d\u2019\u00e9l\u00e9ments g\u00e9om\u00e9triques et pr\u00e9cieux: une sph\u00e8re en verre souffl\u00e9 en \u00e9quilibre sur une tige m\u00e9tallique orn\u00e9e de d\u00e9tails en laiton, soutenue par un pied de lampe circulaire en marbre ou en m\u00e9tal. Son design minimaliste, et d\u00e9coratif \u00e0 la fois, s\u2019ins\u00e8re parfaitement dans tout milieu d\u00e9di\u00e9 au bureau, ainsi qu\u2019au mobilier domestique et au mobilier contract, le tout, librement personnalisable. La collection est enti\u00e8rement fabriqu\u00e9e en Italie avec des mat\u00e9riaux d\u2019excellente qualit\u00e9 et des m\u00e9thodes de fa\u00e7onnage traditionnelles, qui assurent la fabrication artisanale pris\u00e9e du produit fini.  La collection est compos\u00e9e de deux mod\u00e8les disponibles en versions de table, sol, suspension et applique; ils se composent des m\u00eames mat\u00e9riaux, finitions et d\u00e9tails: le diffuseur \u00e0 sph\u00e8re en verre souffl\u00e9 est disponible transparent fum\u00e9 ou blanc acidifi\u00e9; le pied de lampe circulaire en marbre de Carrare blanc, noir Marquina ou en m\u00e9tal laqu\u00e9 de couleur blanche, noire, bleu fonc\u00e9, orient rouge, curry et cuivre; des d\u00e9tails en laiton bross\u00e9 enrichissent la structure. Le mod\u00e8le GRACE N\u00b01 a une tige simple dans une taille unique dans la version de table et dans deux tailles dans les autres versions.  Le mod\u00e8le GRACE N\u00b02 comprend une tige avec bras dans les versions table et sol, avec trois bras et douze sph\u00e8res dans la suspension et une tige unique dans la version applique.\" \/>\n<meta name=\"robots\" content=\"index, follow, max-snippet:-1, max-image-preview:large, max-video-preview:-1\" \/>\n<link rel=\"canonical\" href=\"https:\/\/www.profoffice.it\/fr\/produit\/lampes\/grace-n-1\/\" \/>\n<meta property=\"og:locale\" content=\"fr_FR\" \/>\n<meta property=\"og:type\" content=\"article\" \/>\n<meta property=\"og:title\" content=\"Grace - \u00c0 l\u2019enseigne de l\u2019\u00e9l\u00e9gance intemporelle, GRACE est une collection de lampes aux lignes \u00e9pur\u00e9es et rigoureuses - Prof Office\" \/>\n<meta property=\"og:description\" content=\"Un ensemble d\u2019\u00e9l\u00e9ments g\u00e9om\u00e9triques et pr\u00e9cieux: une sph\u00e8re en verre souffl\u00e9 en \u00e9quilibre sur une tige m\u00e9tallique orn\u00e9e de d\u00e9tails en laiton, soutenue par un pied de lampe circulaire en marbre ou en m\u00e9tal. Son design minimaliste, et d\u00e9coratif \u00e0 la fois, s\u2019ins\u00e8re parfaitement dans tout milieu d\u00e9di\u00e9 au bureau, ainsi qu\u2019au mobilier domestique et au mobilier contract, le tout, librement personnalisable. La collection est enti\u00e8rement fabriqu\u00e9e en Italie avec des mat\u00e9riaux d\u2019excellente qualit\u00e9 et des m\u00e9thodes de fa\u00e7onnage traditionnelles, qui assurent la fabrication artisanale pris\u00e9e du produit fini.  La collection est compos\u00e9e de deux mod\u00e8les disponibles en versions de table, sol, suspension et applique; ils se composent des m\u00eames mat\u00e9riaux, finitions et d\u00e9tails: le diffuseur \u00e0 sph\u00e8re en verre souffl\u00e9 est disponible transparent fum\u00e9 ou blanc acidifi\u00e9; le pied de lampe circulaire en marbre de Carrare blanc, noir Marquina ou en m\u00e9tal laqu\u00e9 de couleur blanche, noire, bleu fonc\u00e9, orient rouge, curry et cuivre; des d\u00e9tails en laiton bross\u00e9 enrichissent la structure. Le mod\u00e8le GRACE N\u00b01 a une tige simple dans une taille unique dans la version de table et dans deux tailles dans les autres versions.  Le mod\u00e8le GRACE N\u00b02 comprend une tige avec bras dans les versions table et sol, avec trois bras et douze sph\u00e8res dans la suspension et une tige unique dans la version applique.\" \/>\n<meta property=\"og:url\" content=\"https:\/\/www.profoffice.it\/fr\/produit\/lampes\/grace-n-1\/\" \/>\n<meta property=\"og:site_name\" content=\"Prof Office\" \/>\n<meta property=\"article:publisher\" content=\"https:\/\/www.facebook.com\/Profoffice\/\" \/>\n<meta property=\"article:modified_time\" content=\"2022-09-14T12:23:54+00:00\" \/>\n<meta property=\"og:image\" content=\"https:\/\/www.profoffice.it\/wp-content\/uploads\/2021\/03\/Grace.jpg\" \/>\n\t<meta property=\"og:image:width\" content=\"1500\" \/>\n\t<meta property=\"og:image:height\" content=\"1000\" \/>\n\t<meta property=\"og:image:type\" content=\"image\/jpeg\" \/>\n<meta name=\"twitter:card\" content=\"summary_large_image\" \/>\n<script type=\"application\/ld+json\" class=\"yoast-schema-graph\">{\"@context\":\"https:\/\/schema.org\",\"@graph\":[{\"@type\":\"WebPage\",\"@id\":\"https:\/\/www.profoffice.it\/fr\/produit\/lampes\/grace-n-1\/\",\"url\":\"https:\/\/www.profoffice.it\/fr\/produit\/lampes\/grace-n-1\/\",\"name\":\"Grace - \u00c0 l\u2019enseigne de l\u2019\u00e9l\u00e9gance intemporelle, GRACE est une collection de lampes aux lignes \u00e9pur\u00e9es et rigoureuses - Prof Office\",\"isPartOf\":{\"@id\":\"https:\/\/www.profoffice.it\/fr\/#website\"},\"primaryImageOfPage\":{\"@id\":\"https:\/\/www.profoffice.it\/fr\/produit\/lampes\/grace-n-1\/#primaryimage\"},\"image\":{\"@id\":\"https:\/\/www.profoffice.it\/fr\/produit\/lampes\/grace-n-1\/#primaryimage\"},\"thumbnailUrl\":\"https:\/\/www.profoffice.it\/wp-content\/uploads\/2021\/03\/Grace.jpg\",\"datePublished\":\"2020-08-31T15:28:33+00:00\",\"dateModified\":\"2022-09-14T12:23:54+00:00\",\"description\":\"Un ensemble d\u2019\u00e9l\u00e9ments g\u00e9om\u00e9triques et pr\u00e9cieux: une sph\u00e8re en verre souffl\u00e9 en \u00e9quilibre sur une tige m\u00e9tallique orn\u00e9e de d\u00e9tails en laiton, soutenue par un pied de lampe circulaire en marbre ou en m\u00e9tal. Son design minimaliste, et d\u00e9coratif \u00e0 la fois, s\u2019ins\u00e8re parfaitement dans tout milieu d\u00e9di\u00e9 au bureau, ainsi qu\u2019au mobilier domestique et au mobilier contract, le tout, librement personnalisable. La collection est enti\u00e8rement fabriqu\u00e9e en Italie avec des mat\u00e9riaux d\u2019excellente qualit\u00e9 et des m\u00e9thodes de fa\u00e7onnage traditionnelles, qui assurent la fabrication artisanale pris\u00e9e du produit fini. La collection est compos\u00e9e de deux mod\u00e8les disponibles en versions de table, sol, suspension et applique; ils se composent des m\u00eames mat\u00e9riaux, finitions et d\u00e9tails: le diffuseur \u00e0 sph\u00e8re en verre souffl\u00e9 est disponible transparent fum\u00e9 ou blanc acidifi\u00e9; le pied de lampe circulaire en marbre de Carrare blanc, noir Marquina ou en m\u00e9tal laqu\u00e9 de couleur blanche, noire, bleu fonc\u00e9, orient rouge, curry et cuivre; des d\u00e9tails en laiton bross\u00e9 enrichissent la structure. Le mod\u00e8le GRACE N\u00b01 a une tige simple dans une taille unique dans la version de table et dans deux tailles dans les autres versions. Le mod\u00e8le GRACE N\u00b02 comprend une tige avec bras dans les versions table et sol, avec trois bras et douze sph\u00e8res dans la suspension et une tige unique dans la version applique.\",\"breadcrumb\":{\"@id\":\"https:\/\/www.profoffice.it\/fr\/produit\/lampes\/grace-n-1\/#breadcrumb\"},\"inLanguage\":\"fr-FR\",\"potentialAction\":[{\"@type\":\"ReadAction\",\"target\":[\"https:\/\/www.profoffice.it\/fr\/produit\/lampes\/grace-n-1\/\"]}]},{\"@type\":\"ImageObject\",\"inLanguage\":\"fr-FR\",\"@id\":\"https:\/\/www.profoffice.it\/fr\/produit\/lampes\/grace-n-1\/#primaryimage\",\"url\":\"https:\/\/www.profoffice.it\/wp-content\/uploads\/2021\/03\/Grace.jpg\",\"contentUrl\":\"https:\/\/www.profoffice.it\/wp-content\/uploads\/2021\/03\/Grace.jpg\",\"width\":1500,\"height\":1000},{\"@type\":\"BreadcrumbList\",\"@id\":\"https:\/\/www.profoffice.it\/fr\/produit\/lampes\/grace-n-1\/#breadcrumb\",\"itemListElement\":[{\"@type\":\"ListItem\",\"position\":1,\"name\":\"Home\",\"item\":\"https:\/\/www.profoffice.it\/fr\/\"},{\"@type\":\"ListItem\",\"position\":2,\"name\":\"Lampes\",\"item\":\"https:\/\/www.profoffice.it\/fr\/categorie\/lampes\/\"},{\"@type\":\"ListItem\",\"position\":3,\"name\":\"Grace\"}]},{\"@type\":\"WebSite\",\"@id\":\"https:\/\/www.profoffice.it\/fr\/#website\",\"url\":\"https:\/\/www.profoffice.it\/fr\/\",\"name\":\"Prof Office\",\"description\":\"Arredi di design per ufficio. Creiamo soluzioni eleganti e funzionali per rendere unico ogni spazio di lavoro, dagli ambienti direzionali fino a quelli operativi. Progetti di arredo che impiegano prodotti di serie, prodotti personalizzati, fino a veri e propri prodotti bespoke, su richiesta e su misura.\",\"publisher\":{\"@id\":\"https:\/\/www.profoffice.it\/fr\/#organization\"},\"potentialAction\":[{\"@type\":\"SearchAction\",\"target\":{\"@type\":\"EntryPoint\",\"urlTemplate\":\"https:\/\/www.profoffice.it\/fr\/?s={search_term_string}\"},\"query-input\":{\"@type\":\"PropertyValueSpecification\",\"valueRequired\":true,\"valueName\":\"search_term_string\"}}],\"inLanguage\":\"fr-FR\"},{\"@type\":\"Organization\",\"@id\":\"https:\/\/www.profoffice.it\/fr\/#organization\",\"name\":\"Prof Office\",\"url\":\"https:\/\/www.profoffice.it\/fr\/\",\"logo\":{\"@type\":\"ImageObject\",\"inLanguage\":\"fr-FR\",\"@id\":\"https:\/\/www.profoffice.it\/fr\/#\/schema\/logo\/image\/\",\"url\":\"https:\/\/www.profoffice.it\/wp-content\/uploads\/2025\/05\/logo-PROF-1.png\",\"contentUrl\":\"https:\/\/www.profoffice.it\/wp-content\/uploads\/2025\/05\/logo-PROF-1.png\",\"width\":696,\"height\":696,\"caption\":\"Prof Office\"},\"image\":{\"@id\":\"https:\/\/www.profoffice.it\/fr\/#\/schema\/logo\/image\/\"},\"sameAs\":[\"https:\/\/www.facebook.com\/Profoffice\/\",\"https:\/\/it.pinterest.com\/Profoffice\/\"]}]}<\/script>\n<!-- \/ Yoast SEO plugin. -->","yoast_head_json":{"title":"Grace - \u00c0 l\u2019enseigne de l\u2019\u00e9l\u00e9gance intemporelle, GRACE est une collection de lampes aux lignes \u00e9pur\u00e9es et rigoureuses - Prof Office","description":"Un ensemble d\u2019\u00e9l\u00e9ments g\u00e9om\u00e9triques et pr\u00e9cieux: une sph\u00e8re en verre souffl\u00e9 en \u00e9quilibre sur une tige m\u00e9tallique orn\u00e9e de d\u00e9tails en laiton, soutenue par un pied de lampe circulaire en marbre ou en m\u00e9tal. Son design minimaliste, et d\u00e9coratif \u00e0 la fois, s\u2019ins\u00e8re parfaitement dans tout milieu d\u00e9di\u00e9 au bureau, ainsi qu\u2019au mobilier domestique et au mobilier contract, le tout, librement personnalisable. La collection est enti\u00e8rement fabriqu\u00e9e en Italie avec des mat\u00e9riaux d\u2019excellente qualit\u00e9 et des m\u00e9thodes de fa\u00e7onnage traditionnelles, qui assurent la fabrication artisanale pris\u00e9e du produit fini.  La collection est compos\u00e9e de deux mod\u00e8les disponibles en versions de table, sol, suspension et applique; ils se composent des m\u00eames mat\u00e9riaux, finitions et d\u00e9tails: le diffuseur \u00e0 sph\u00e8re en verre souffl\u00e9 est disponible transparent fum\u00e9 ou blanc acidifi\u00e9; le pied de lampe circulaire en marbre de Carrare blanc, noir Marquina ou en m\u00e9tal laqu\u00e9 de couleur blanche, noire, bleu fonc\u00e9, orient rouge, curry et cuivre; des d\u00e9tails en laiton bross\u00e9 enrichissent la structure. Le mod\u00e8le GRACE N\u00b01 a une tige simple dans une taille unique dans la version de table et dans deux tailles dans les autres versions.  Le mod\u00e8le GRACE N\u00b02 comprend une tige avec bras dans les versions table et sol, avec trois bras et douze sph\u00e8res dans la suspension et une tige unique dans la version applique.","robots":{"index":"index","follow":"follow","max-snippet":"max-snippet:-1","max-image-preview":"max-image-preview:large","max-video-preview":"max-video-preview:-1"},"canonical":"https:\/\/www.profoffice.it\/fr\/produit\/lampes\/grace-n-1\/","og_locale":"fr_FR","og_type":"article","og_title":"Grace - \u00c0 l\u2019enseigne de l\u2019\u00e9l\u00e9gance intemporelle, GRACE est une collection de lampes aux lignes \u00e9pur\u00e9es et rigoureuses - Prof Office","og_description":"Un ensemble d\u2019\u00e9l\u00e9ments g\u00e9om\u00e9triques et pr\u00e9cieux: une sph\u00e8re en verre souffl\u00e9 en \u00e9quilibre sur une tige m\u00e9tallique orn\u00e9e de d\u00e9tails en laiton, soutenue par un pied de lampe circulaire en marbre ou en m\u00e9tal. Son design minimaliste, et d\u00e9coratif \u00e0 la fois, s\u2019ins\u00e8re parfaitement dans tout milieu d\u00e9di\u00e9 au bureau, ainsi qu\u2019au mobilier domestique et au mobilier contract, le tout, librement personnalisable. La collection est enti\u00e8rement fabriqu\u00e9e en Italie avec des mat\u00e9riaux d\u2019excellente qualit\u00e9 et des m\u00e9thodes de fa\u00e7onnage traditionnelles, qui assurent la fabrication artisanale pris\u00e9e du produit fini.  La collection est compos\u00e9e de deux mod\u00e8les disponibles en versions de table, sol, suspension et applique; ils se composent des m\u00eames mat\u00e9riaux, finitions et d\u00e9tails: le diffuseur \u00e0 sph\u00e8re en verre souffl\u00e9 est disponible transparent fum\u00e9 ou blanc acidifi\u00e9; le pied de lampe circulaire en marbre de Carrare blanc, noir Marquina ou en m\u00e9tal laqu\u00e9 de couleur blanche, noire, bleu fonc\u00e9, orient rouge, curry et cuivre; des d\u00e9tails en laiton bross\u00e9 enrichissent la structure. Le mod\u00e8le GRACE N\u00b01 a une tige simple dans une taille unique dans la version de table et dans deux tailles dans les autres versions.  Le mod\u00e8le GRACE N\u00b02 comprend une tige avec bras dans les versions table et sol, avec trois bras et douze sph\u00e8res dans la suspension et une tige unique dans la version applique.","og_url":"https:\/\/www.profoffice.it\/fr\/produit\/lampes\/grace-n-1\/","og_site_name":"Prof Office","article_publisher":"https:\/\/www.facebook.com\/Profoffice\/","article_modified_time":"2022-09-14T12:23:54+00:00","og_image":[{"width":1500,"height":1000,"url":"https:\/\/www.profoffice.it\/wp-content\/uploads\/2021\/03\/Grace.jpg","type":"image\/jpeg"}],"twitter_card":"summary_large_image","schema":{"@context":"https:\/\/schema.org","@graph":[{"@type":"WebPage","@id":"https:\/\/www.profoffice.it\/fr\/produit\/lampes\/grace-n-1\/","url":"https:\/\/www.profoffice.it\/fr\/produit\/lampes\/grace-n-1\/","name":"Grace - \u00c0 l\u2019enseigne de l\u2019\u00e9l\u00e9gance intemporelle, GRACE est une collection de lampes aux lignes \u00e9pur\u00e9es et rigoureuses - Prof Office","isPartOf":{"@id":"https:\/\/www.profoffice.it\/fr\/#website"},"primaryImageOfPage":{"@id":"https:\/\/www.profoffice.it\/fr\/produit\/lampes\/grace-n-1\/#primaryimage"},"image":{"@id":"https:\/\/www.profoffice.it\/fr\/produit\/lampes\/grace-n-1\/#primaryimage"},"thumbnailUrl":"https:\/\/www.profoffice.it\/wp-content\/uploads\/2021\/03\/Grace.jpg","datePublished":"2020-08-31T15:28:33+00:00","dateModified":"2022-09-14T12:23:54+00:00","description":"Un ensemble d\u2019\u00e9l\u00e9ments g\u00e9om\u00e9triques et pr\u00e9cieux: une sph\u00e8re en verre souffl\u00e9 en \u00e9quilibre sur une tige m\u00e9tallique orn\u00e9e de d\u00e9tails en laiton, soutenue par un pied de lampe circulaire en marbre ou en m\u00e9tal. Son design minimaliste, et d\u00e9coratif \u00e0 la fois, s\u2019ins\u00e8re parfaitement dans tout milieu d\u00e9di\u00e9 au bureau, ainsi qu\u2019au mobilier domestique et au mobilier contract, le tout, librement personnalisable. La collection est enti\u00e8rement fabriqu\u00e9e en Italie avec des mat\u00e9riaux d\u2019excellente qualit\u00e9 et des m\u00e9thodes de fa\u00e7onnage traditionnelles, qui assurent la fabrication artisanale pris\u00e9e du produit fini. La collection est compos\u00e9e de deux mod\u00e8les disponibles en versions de table, sol, suspension et applique; ils se composent des m\u00eames mat\u00e9riaux, finitions et d\u00e9tails: le diffuseur \u00e0 sph\u00e8re en verre souffl\u00e9 est disponible transparent fum\u00e9 ou blanc acidifi\u00e9; le pied de lampe circulaire en marbre de Carrare blanc, noir Marquina ou en m\u00e9tal laqu\u00e9 de couleur blanche, noire, bleu fonc\u00e9, orient rouge, curry et cuivre; des d\u00e9tails en laiton bross\u00e9 enrichissent la structure. Le mod\u00e8le GRACE N\u00b01 a une tige simple dans une taille unique dans la version de table et dans deux tailles dans les autres versions. Le mod\u00e8le GRACE N\u00b02 comprend une tige avec bras dans les versions table et sol, avec trois bras et douze sph\u00e8res dans la suspension et une tige unique dans la version applique.","breadcrumb":{"@id":"https:\/\/www.profoffice.it\/fr\/produit\/lampes\/grace-n-1\/#breadcrumb"},"inLanguage":"fr-FR","potentialAction":[{"@type":"ReadAction","target":["https:\/\/www.profoffice.it\/fr\/produit\/lampes\/grace-n-1\/"]}]},{"@type":"ImageObject","inLanguage":"fr-FR","@id":"https:\/\/www.profoffice.it\/fr\/produit\/lampes\/grace-n-1\/#primaryimage","url":"https:\/\/www.profoffice.it\/wp-content\/uploads\/2021\/03\/Grace.jpg","contentUrl":"https:\/\/www.profoffice.it\/wp-content\/uploads\/2021\/03\/Grace.jpg","width":1500,"height":1000},{"@type":"BreadcrumbList","@id":"https:\/\/www.profoffice.it\/fr\/produit\/lampes\/grace-n-1\/#breadcrumb","itemListElement":[{"@type":"ListItem","position":1,"name":"Home","item":"https:\/\/www.profoffice.it\/fr\/"},{"@type":"ListItem","position":2,"name":"Lampes","item":"https:\/\/www.profoffice.it\/fr\/categorie\/lampes\/"},{"@type":"ListItem","position":3,"name":"Grace"}]},{"@type":"WebSite","@id":"https:\/\/www.profoffice.it\/fr\/#website","url":"https:\/\/www.profoffice.it\/fr\/","name":"Prof Office","description":"Arredi di design per ufficio. Creiamo soluzioni eleganti e funzionali per rendere unico ogni spazio di lavoro, dagli ambienti direzionali fino a quelli operativi. Progetti di arredo che impiegano prodotti di serie, prodotti personalizzati, fino a veri e propri prodotti bespoke, su richiesta e su misura.","publisher":{"@id":"https:\/\/www.profoffice.it\/fr\/#organization"},"potentialAction":[{"@type":"SearchAction","target":{"@type":"EntryPoint","urlTemplate":"https:\/\/www.profoffice.it\/fr\/?s={search_term_string}"},"query-input":{"@type":"PropertyValueSpecification","valueRequired":true,"valueName":"search_term_string"}}],"inLanguage":"fr-FR"},{"@type":"Organization","@id":"https:\/\/www.profoffice.it\/fr\/#organization","name":"Prof Office","url":"https:\/\/www.profoffice.it\/fr\/","logo":{"@type":"ImageObject","inLanguage":"fr-FR","@id":"https:\/\/www.profoffice.it\/fr\/#\/schema\/logo\/image\/","url":"https:\/\/www.profoffice.it\/wp-content\/uploads\/2025\/05\/logo-PROF-1.png","contentUrl":"https:\/\/www.profoffice.it\/wp-content\/uploads\/2025\/05\/logo-PROF-1.png","width":696,"height":696,"caption":"Prof Office"},"image":{"@id":"https:\/\/www.profoffice.it\/fr\/#\/schema\/logo\/image\/"},"sameAs":["https:\/\/www.facebook.com\/Profoffice\/","https:\/\/it.pinterest.com\/Profoffice\/"]}]}},"_links":{"self":[{"href":"https:\/\/www.profoffice.it\/fr\/wp-json\/wp\/v2\/prodotto\/6867","targetHints":{"allow":["GET"]}}],"collection":[{"href":"https:\/\/www.profoffice.it\/fr\/wp-json\/wp\/v2\/prodotto"}],"about":[{"href":"https:\/\/www.profoffice.it\/fr\/wp-json\/wp\/v2\/types\/prodotto"}],"wp:featuredmedia":[{"embeddable":true,"href":"https:\/\/www.profoffice.it\/fr\/wp-json\/wp\/v2\/media\/6869"}],"wp:attachment":[{"href":"https:\/\/www.profoffice.it\/fr\/wp-json\/wp\/v2\/media?parent=6867"}],"wp:term":[{"taxonomy":"categoria","embeddable":true,"href":"https:\/\/www.profoffice.it\/fr\/wp-json\/wp\/v2\/categoria?post=6867"}],"curies":[{"name":"wp","href":"https:\/\/api.w.org\/{rel}","templated":true}]}}